{"id":1652,"date":"2014-10-05T16:49:18","date_gmt":"2014-10-05T16:49:18","guid":{"rendered":"https:\/\/www.www.colaiste.ie\/student-teachers\/"},"modified":"2025-01-22T18:34:09","modified_gmt":"2025-01-22T18:34:09","slug":"student-teachers","status":"publish","type":"page","link":"https:\/\/www.colaiste.ie\/ga\/student-teachers\/","title":{"rendered":"\u00c1bhair Oid\u00ed"},"content":{"rendered":"<div class=\"wpb-content-wrapper\"><div class=\"container\" ><div class=\"wpb_row vc_row-fluid vc_custom_1413301863977\">[vc_column width=&#8221;1\/4&#8243;][vc_empty_space height=&#8221;30px&#8221;][vc_column_text]<\/p>\n<div style=\"text-align: center;\"><a class=\"btn btn-sm btn-black btn-center\" title=\"cuir c\u00farsa in \u00e1irithe ar l\u00edne \" href=\"#booknow\">Cuir in \u00e1irithe anois<\/a><\/div>\n<p>[\/vc_column_text][\/vc_column][vc_column width=&#8221;1\/4&#8243;][vc_empty_space height=&#8221;30px&#8221;][vc_column_text]<\/p>\n<div style=\"text-align: center;\"><a class=\"btn btn-sm btn-black btn-center\" title=\"\u00cdosl\u00f3d\u00e1il Foirm Iarratais...\" href=\"http:\/\/www.colaiste.ie\/wp-content\/uploads\/2017\/09\/C_Abhar-Oidi.pdf\" target=\"_blank\" rel=\"noopener\">Foirm Iarratais<\/a><\/div>\n<p>[\/vc_column_text][\/vc_column][vc_column width=&#8221;1\/4&#8243;][vc_empty_space height=&#8221;30px&#8221;][\/vc_column][vc_column width=&#8221;1\/4&#8243;][vc_empty_space height=&#8221;30px&#8221;][\/vc_column]<\/div><\/div><div class=\"container\" ><div class=\"wpb_row vc_row-fluid vc_custom_1413301881129\">[vc_column][vc_column_text]<\/p>\n<h3>L\u00e9argas Ginear\u00e1lta<\/h3>\n<p>Is f\u00e9idir gr\u00e1 don nGaeilge a choth\u00fa sna dalta\u00ed tr\u00ed thaith\u00ed thumoideachais. Cuirtear b\u00e9im ar an dteanga labhartha, gramadach, An Fillte\u00e1n Foghlama agus ullmh\u00fach\u00e1n don Scr\u00fad\u00fa B\u00e9il. Baineann t\u00e9ama\u00ed na Gaeilge leis an gCuraclam Bunscoile.<\/p>\n<p>Faigheann dalta\u00ed chomh maith blaiseadh den r\u00e9imse leathan litr\u00edochta, cult\u00far agus traidisi\u00fain \u00f3 Chorca Dhuibhne. \u00das\u00e1idtear modhanna m\u00fainte idirghn\u00edomhacha sna ranganna.<\/p>\n<p>Eagra\u00edtear imeachta\u00ed tr\u00e1thn\u00f3na agus isto\u00edche bunaithe ar threoirl\u00ednte do Shiollabais do na Tr\u00e9imhs\u00ed Foghlama sa Ghaeltacht. Mar shampla, ceardlanna, aoi-chainteoir\u00ed, imeachta\u00ed beo cult\u00fartha agus m\u00f3r\u00e1n eile nach iad![\/vc_column_text][\/vc_column]<\/div><\/div><div class=\"container\" id =\"cuir in \u00e1irithe anois\"><div class=\"wpb_row vc_row-fluid\">[vc_column][vc_text_separator title=&#8221;C\u00farsa\u00ed ar f\u00e1il&#8221; title_align=&#8221;separator_align_left&#8221; color=&#8221;custom&#8221; accent_color=&#8221;#f62459&#8243;][\/vc_column]<\/div><\/div><div class=\"container\" ><div class=\"wpb_row vc_row-fluid vc_custom_1472833743941\">[vc_column width=&#8221;1\/3&#8243;][vc_column_text css=&#8221;.vc_custom_1612540724736{padding-top: 20px !important;}&#8221;]<\/p>\n<h4 style=\"text-align: center;\">Col\u00e1iste Mhuire Gan Sm\u00e1l<\/h4>\n<p>[\/vc_column_text][\/vc_column][vc_column width=&#8221;1\/3&#8243;][vc_column_text css=&#8221;&#8221;]<\/p>\n<div style=\"text-align: left;\">\n<blockquote>\n<h5>Tr\u00e9imhse Foghlama sa Ghaeltacht<\/h5>\n<div class=\"course-item course-184\"><span class=\"course_title\"><strong>A1: <\/strong>6 Ean\u00e1ir 2025 - 20 Ean\u00e1ir 2025<\/span><span class=\"closed\">D\u00fanta<\/span><p>C\u00farsa Coic\u00edse | &euro;50 \u00e9arlais | &euro;815 ioml\u00e1n<\/p><\/div><div class=\"course-item course-187\"><span class=\"course_title\"><strong>C1: <\/strong>3 Bealtaine 2025 - 17 Bealtaine 2025<\/span><span class=\"closed\">D\u00fanta<\/span><p>C\u00farsa Coic\u00edse | &euro;50 \u00e9arlais | &euro;845 ioml\u00e1n<\/p><\/div><div class=\"course-item course-190\"><span class=\"course_title\"><strong>C3: <\/strong>16 L\u00fanasa 2025 - 30 L\u00fanasa 2025<\/span><span class=\"closed\">D\u00fanta<\/span><p>C\u00farsa Coic\u00edse | &euro;50 \u00e9arlais | &euro;845 ioml\u00e1n<\/p><\/div><\/blockquote>\n<\/div>\n<p>[\/vc_column_text][\/vc_column][vc_column width=&#8221;1\/3&#8243;][vc_column_text css=&#8221;&#8221;]<\/p>\n<div style=\"text-align: left;\">\n<blockquote>\n<h5>T\u00e1ille an Ch\u00farsa &#8211; \u20ac845*<\/h5>\n<h6>*\u00c9arlais ag teast\u00e1il &#8211; \u20ac50<\/h6>\n<\/blockquote>\n<\/div>\n<p>[\/vc_column_text][\/vc_column]<\/div><\/div><div class=\"container\" ><div class=\"wpb_row vc_row-fluid vc_custom_1412548004249\">[vc_column width=&#8221;1\/3&#8243;][vc_column_text css=&#8221;.vc_custom_1612540490783{padding-top: 20px !important;}&#8221;]<\/p>\n<h4 style=\"text-align: center;\">Col\u00e1iste Mhuire Marino<\/h4>\n<p>[\/vc_column_text][\/vc_column][vc_column width=&#8221;1\/3&#8243;][vc_column_text css=&#8221;&#8221;]<\/p>\n<div style=\"text-align: left;\">\n<blockquote>\n<h5>Tr\u00e9imhse Foghlama sa Ghaeltacht<\/h5>\nN\u00edl aon ch\u00farsa\u00ed sceidealaithe faoi l\u00e1thair<\/blockquote>\n<\/div>\n<p>[\/vc_column_text][\/vc_column][vc_column width=&#8221;1\/3&#8243;][vc_column_text]<\/p>\n<div style=\"text-align: left;\">\n<blockquote>\n<h5>T\u00e1ille an Ch\u00farsa &#8211; \u20ac750*<\/h5>\n<h6>*\u00c9arlais ag teast\u00e1il &#8211; \u20ac50<\/h6>\n<\/blockquote>\n<\/div>\n<p>[\/vc_column_text][\/vc_column]<\/div><\/div><div class=\"container\" ><div class=\"wpb_row vc_row-fluid vc_custom_1412548004239\">[vc_column width=&#8221;1\/3&#8243;][vc_column_text css=&#8221;.vc_custom_1612540509523{padding-top: 20px !important;}&#8221;]<\/p>\n<h4 style=\"text-align: center;\">Col\u00e1iste Naomh Ph\u00e1draig<\/h4>\n<p>[\/vc_column_text][\/vc_column][vc_column width=&#8221;1\/3&#8243;][vc_column_text css=&#8221;&#8221;]<\/p>\n<div style=\"text-align: left;\">\n<blockquote>\n<h5>Tr\u00e9imhse Foghlama sa Ghaeltacht<\/h5>\nN\u00edl aon ch\u00farsa\u00ed sceidealaithe faoi l\u00e1thair<\/blockquote>\n<\/div>\n<p>[\/vc_column_text][\/vc_column][vc_column width=&#8221;1\/3&#8243;][vc_column_text]<\/p>\n<div style=\"text-align: left;\">\n<blockquote>\n<h5>T\u00e1ille an Ch\u00farsa &#8211; \u20ac815*<\/h5>\n<h6>*\u00c9arlais ag teast\u00e1il &#8211; \u20ac50<\/h6>\n<\/blockquote>\n<\/div>\n<p>[\/vc_column_text][\/vc_column]<\/div><\/div><div class=\"container\" ><div class=\"wpb_row vc_row-fluid vc_custom_1412547956488\">[vc_column width=&#8221;1\/3&#8243;][vc_column_text css=&#8221;.vc_custom_1612540671422{padding-top: 20px !important;}&#8221;]<\/p>\n<h4 style=\"text-align: center;\">Col\u00e1iste Froebel<\/h4>\n<p>[\/vc_column_text][\/vc_column][vc_column width=&#8221;1\/3&#8243;][vc_column_text css=&#8221;&#8221;]<\/p>\n<div style=\"text-align: left;\">\n<blockquote>\n<h5>Tr\u00e9imhse Foghlama sa Ghaeltacht<\/h5>\nN\u00edl aon ch\u00farsa\u00ed sceidealaithe faoi l\u00e1thair<\/blockquote>\n<\/div>\n<p>[\/vc_column_text][\/vc_column][vc_column width=&#8221;1\/3&#8243;][vc_column_text]<\/p>\n<div style=\"text-align: left;\">\n<blockquote>\n<h5>T\u00e1ille an Ch\u00farsa &#8211;<br \/>\nC\u00farsa Coic\u00edse: \u20ac750*<\/h5>\n<h5>*\u00c9arlais ag teast\u00e1il &#8211; \u20ac50<\/h5>\n<\/blockquote>\n<\/div>\n<p>[\/vc_column_text][\/vc_column]<\/div><\/div><div class=\"container\" ><div class=\"wpb_row vc_row-fluid vc_custom_1472833743941\">[vc_column width=&#8221;1\/3&#8243;][vc_column_text css=&#8221;.vc_custom_1615213178588{padding-top: 20px !important;}&#8221;]<\/p>\n<h4 style=\"text-align: center;\">Col\u00e1iste Mhuire Gan Sm\u00e1l- Campas Ph\u00e1draig D\u00farlas<\/h4>\n<p>[\/vc_column_text][\/vc_column][vc_column width=&#8221;1\/3&#8243;][vc_column_text css=&#8221;&#8221;]<\/p>\n<div style=\"text-align: left;\">\n<blockquote>\n<h5>Tr\u00e9imhse Foghlama sa Ghaeltacht<\/h5>\n<div class=\"course-item course-186\"><span class=\"course_title\"><strong>C2: <\/strong>18 Bealtaine 2025 - 30 Bealtaine 2025<\/span><span class=\"closed\">D\u00fanta<\/span><\/div><\/blockquote>\n<\/div>\n<p>[\/vc_column_text][\/vc_column][vc_column width=&#8221;1\/3&#8243;][vc_column_text][\/vc_column_text][vc_column_text]<\/p>\n<div style=\"text-align: left;\">\n<blockquote>\n<h5>T\u00e1ille an Ch\u00farsa\u00a0 &#8211;<br \/>\nC\u00farsa Coisc\u00edse: \u20ac750*<\/h5>\n<h6>*\u00c9arlais ag teast\u00e1il &#8211; \u20ac100<\/h6>\n<\/blockquote>\n<\/div>\n<p>[\/vc_column_text][\/vc_column]<\/div><\/div><div class=\"container\" ><div class=\"wpb_row vc_row-fluid vc_custom_1472833743940\">[vc_column width=&#8221;1\/3&#8243;][vc_column_text css=&#8221;.vc_custom_1612540801304{padding-top: 20px !important;}&#8221;]<\/p>\n<h4 style=\"text-align: center;\">Col\u00e1iste Hibernia<\/h4>\n<p>[\/vc_column_text][\/vc_column][vc_column width=&#8221;1\/3&#8243;][vc_column_text css=&#8221;&#8221;]<\/p>\n<div style=\"text-align: left;\">\n<blockquote>\n<h5>Tr\u00e9imhse Foghlama sa Ghaeltacht<\/h5>\n<div class=\"course-item course-188\"><span class=\"course_title\"><strong>N1: <\/strong>29 Mheitheamh 2025 - 13 I\u00fail 2025<\/span><span class=\"closed\">D\u00fanta<\/span><p>C\u00farsa Coic\u00edse | &euro;100 \u00e9arlais | &euro;845 ioml\u00e1n<\/p><\/div><div class=\"course-item course-189\"><span class=\"course_title\"><strong>O1: <\/strong>13 I\u00fail 2025 - 27 I\u00fail 2025<\/span><span class=\"closed\">D\u00fanta<\/span><p>C\u00farsa Coic\u00edse | &euro;100 \u00e9arlais | &euro;845 ioml\u00e1n<\/p><\/div><\/blockquote>\n<\/div>\n<p>[\/vc_column_text][\/vc_column][vc_column width=&#8221;1\/3&#8243;][vc_column_text css=&#8221;&#8221;]<\/p>\n<div style=\"text-align: left;\">\n<blockquote>\n<h5>T\u00e1ille an Ch\u00farsa\u00a0 &#8211;<br \/>\nC\u00farsa Coisc\u00edse: \u20ac845*<\/h5>\n<h6>*\u00c9arlais ag teast\u00e1il &#8211; \u20ac50<\/h6>\n<\/blockquote>\n<\/div>\n<p>[\/vc_column_text][\/vc_column]<\/div><\/div><div class=\"container\" ><div class=\"wpb_row vc_row-fluid vc_custom_1412711132820\">[vc_column][vc_separator color=&#8221;custom&#8221; accent_color=&#8221;#f62459&#8243;][\/vc_column][vc_separator color=&#8221;custom&#8221; accent_color=&#8221;#f62459&#8243;]<\/div><\/div>\n<\/div>","protected":false},"excerpt":{"rendered":"[vc_column width=\"1\/4\"][vc_empty_space height=\"30px\"][vc_column_text] Cuir in \u00e1irithe anois [\/vc_column_text][\/vc_column][vc_column width=\"1\/4\"][vc_empty_space height=\"30px\"][vc_column_text] Foirm Iarratais [\/vc_column_text][\/vc_column][vc_column width=\"1\/4\"][vc_empty_space height=\"30px\"][\/vc_column][vc_column width=\"1\/4\"][vc_empty_space height=\"30px\"][\/vc_column][vc_column][vc_column_text] L\u00e9argas Ginear\u00e1lta Is f\u00e9idir gr\u00e1 don nGaeilge a choth\u00fa sna dalta\u00ed tr\u00ed thaith\u00ed thumoideachais. Cuirtear b\u00e9im ar an dteanga labhartha, gramadach, An Fillte\u00e1n Foghlama agus ullmh\u00fach\u00e1n don Scr\u00fad\u00fa B\u00e9il. Baineann t\u00e9ama\u00ed na Gaeilge leis an gCuraclam Bunscoile. Faigheann [...]","protected":false},"author":3,"featured_media":0,"parent":0,"menu_order":0,"comment_status":"closed","ping_status":"closed","template":"page-templates\/homepage.php","meta":[],"acf":[],"yoast_head":"<!-- This site is optimized with the Yoast SEO plugin v21.0 - https:\/\/yoast.com\/wordpress\/plugins\/seo\/ -->\n<title>\u00c1bhair Oid\u00ed - Col\u00e1iste Gaeilge Chol\u00e1ist\u00ed Chorca Dhuibhne<\/title>\n<meta name=\"robots\" content=\"index, follow, max-snippet:-1, max-image-preview:large, max-video-preview:-1\" \/>\n<link rel=\"canonical\" href=\"https:\/\/www.colaiste.ie\/ga\/student-teachers\/\" \/>\n<meta property=\"og:locale\" content=\"en_US\" \/>\n<meta property=\"og:type\" content=\"article\" \/>\n<meta property=\"og:title\" content=\"\u00c1bhair Oid\u00ed - Col\u00e1iste Gaeilge Chol\u00e1ist\u00ed Chorca Dhuibhne\" \/>\n<meta property=\"og:url\" content=\"https:\/\/www.colaiste.ie\/ga\/student-teachers\/\" \/>\n<meta property=\"og:site_name\" content=\"Col\u00e1iste Gaeilge Chol\u00e1ist\u00ed Chorca Dhuibhne\" \/>\n<meta property=\"article:publisher\" content=\"https:\/\/www.facebook.com\/colaisteCD\/\" \/>\n<meta property=\"article:modified_time\" content=\"2025-01-22T18:34:09+00:00\" \/>\n<meta name=\"twitter:label1\" content=\"Est. reading time\" \/>\n\t<meta name=\"twitter:data1\" content=\"2 minutes\" \/>\n<script type=\"application\/ld+json\" class=\"yoast-schema-graph\">{\"@context\":\"https:\/\/schema.org\",\"@graph\":[{\"@type\":\"WebPage\",\"@id\":\"https:\/\/www.colaiste.ie\/ga\/student-teachers\/\",\"url\":\"https:\/\/www.colaiste.ie\/ga\/student-teachers\/\",\"name\":\"\u00c1bhair Oid\u00ed - Col\u00e1iste Gaeilge Chol\u00e1ist\u00ed Chorca Dhuibhne\",\"isPartOf\":{\"@id\":\"https:\/\/www.colaiste.ie\/#website\"},\"datePublished\":\"2014-10-05T16:49:18+00:00\",\"dateModified\":\"2025-01-22T18:34:09+00:00\",\"breadcrumb\":{\"@id\":\"https:\/\/www.colaiste.ie\/ga\/student-teachers\/#breadcrumb\"},\"inLanguage\":\"ga\",\"potentialAction\":[{\"@type\":\"ReadAction\",\"target\":[\"https:\/\/www.colaiste.ie\/ga\/student-teachers\/\"]}]},{\"@type\":\"BreadcrumbList\",\"@id\":\"https:\/\/www.colaiste.ie\/ga\/student-teachers\/#breadcrumb\",\"itemListElement\":[{\"@type\":\"ListItem\",\"position\":1,\"name\":\"Baile\",\"item\":\"https:\/\/www.colaiste.ie\/ga\/\"},{\"@type\":\"ListItem\",\"position\":2,\"name\":\"\u00c1bhair Oid\u00ed\"}]},{\"@type\":\"WebSite\",\"@id\":\"https:\/\/www.colaiste.ie\/#website\",\"url\":\"https:\/\/www.colaiste.ie\/\",\"name\":\"Col\u00e1iste Gaeilge Chol\u00e1ist\u00ed Chorca Dhuibhne\",\"description\":\"C\u00farsa\u00ed Gaeilge i gCorca Dhuibhne\",\"publisher\":{\"@id\":\"https:\/\/www.colaiste.ie\/#organization\"},\"potentialAction\":[{\"@type\":\"SearchAction\",\"target\":{\"@type\":\"EntryPoint\",\"urlTemplate\":\"https:\/\/www.colaiste.ie\/?s={search_term_string}\"},\"query-input\":\"required name=search_term_string\"}],\"inLanguage\":\"ga\"},{\"@type\":\"Organization\",\"@id\":\"https:\/\/www.colaiste.ie\/#organization\",\"name\":\"Col\u00e1iste Gaeilge Chol\u00e1ist\u00ed Chorca Dhuibhne\",\"url\":\"https:\/\/www.colaiste.ie\/\",\"logo\":{\"@type\":\"ImageObject\",\"inLanguage\":\"ga\",\"@id\":\"https:\/\/www.colaiste.ie\/#\/schema\/logo\/image\/\",\"url\":\"https:\/\/www.colaiste.ie\/wp-content\/uploads\/2020\/08\/Logo-Transparent-With-Shadow_1000-X-1000px.png\",\"contentUrl\":\"https:\/\/www.colaiste.ie\/wp-content\/uploads\/2020\/08\/Logo-Transparent-With-Shadow_1000-X-1000px.png\",\"width\":1000,\"height\":1000,\"caption\":\"Col\u00e1iste Gaeilge Chol\u00e1ist\u00ed Chorca Dhuibhne\"},\"image\":{\"@id\":\"https:\/\/www.colaiste.ie\/#\/schema\/logo\/image\/\"},\"sameAs\":[\"https:\/\/www.facebook.com\/colaisteCD\/\",\"https:\/\/www.instagram.com\/colaistecd\/?hl=en\"]}]}<\/script>\n<!-- \/ Yoast SEO plugin. -->","yoast_head_json":{"title":"\u00c1bhair Oid\u00ed - Col\u00e1iste Gaeilge Chol\u00e1ist\u00ed Chorca Dhuibhne","robots":{"index":"index","follow":"follow","max-snippet":"max-snippet:-1","max-image-preview":"max-image-preview:large","max-video-preview":"max-video-preview:-1"},"canonical":"https:\/\/www.colaiste.ie\/ga\/student-teachers\/","og_locale":"en_US","og_type":"article","og_title":"\u00c1bhair Oid\u00ed - Col\u00e1iste Gaeilge Chol\u00e1ist\u00ed Chorca Dhuibhne","og_url":"https:\/\/www.colaiste.ie\/ga\/student-teachers\/","og_site_name":"Col\u00e1iste Gaeilge Chol\u00e1ist\u00ed Chorca Dhuibhne","article_publisher":"https:\/\/www.facebook.com\/colaisteCD\/","article_modified_time":"2025-01-22T18:34:09+00:00","twitter_misc":{"Est. reading time":"2 minutes"},"schema":{"@context":"https:\/\/schema.org","@graph":[{"@type":"WebPage","@id":"https:\/\/www.colaiste.ie\/ga\/student-teachers\/","url":"https:\/\/www.colaiste.ie\/ga\/student-teachers\/","name":"\u00c1bhair Oid\u00ed - Col\u00e1iste Gaeilge Chol\u00e1ist\u00ed Chorca Dhuibhne","isPartOf":{"@id":"https:\/\/www.colaiste.ie\/#website"},"datePublished":"2014-10-05T16:49:18+00:00","dateModified":"2025-01-22T18:34:09+00:00","breadcrumb":{"@id":"https:\/\/www.colaiste.ie\/ga\/student-teachers\/#breadcrumb"},"inLanguage":"ga","potentialAction":[{"@type":"ReadAction","target":["https:\/\/www.colaiste.ie\/ga\/student-teachers\/"]}]},{"@type":"BreadcrumbList","@id":"https:\/\/www.colaiste.ie\/ga\/student-teachers\/#breadcrumb","itemListElement":[{"@type":"ListItem","position":1,"name":"Baile","item":"https:\/\/www.colaiste.ie\/ga\/"},{"@type":"ListItem","position":2,"name":"\u00c1bhair Oid\u00ed"}]},{"@type":"WebSite","@id":"https:\/\/www.colaiste.ie\/#website","url":"https:\/\/www.colaiste.ie\/","name":"Col\u00e1iste Gaeilge Chol\u00e1ist\u00ed Chorca Dhuibhne","description":"C\u00farsa\u00ed Gaeilge i gCorca Dhuibhne","publisher":{"@id":"https:\/\/www.colaiste.ie\/#organization"},"potentialAction":[{"@type":"SearchAction","target":{"@type":"EntryPoint","urlTemplate":"https:\/\/www.colaiste.ie\/?s={search_term_string}"},"query-input":"required name=search_term_string"}],"inLanguage":"ga"},{"@type":"Organization","@id":"https:\/\/www.colaiste.ie\/#organization","name":"Col\u00e1iste Gaeilge Chol\u00e1ist\u00ed Chorca Dhuibhne","url":"https:\/\/www.colaiste.ie\/","logo":{"@type":"ImageObject","inLanguage":"ga","@id":"https:\/\/www.colaiste.ie\/#\/schema\/logo\/image\/","url":"https:\/\/www.colaiste.ie\/wp-content\/uploads\/2020\/08\/Logo-Transparent-With-Shadow_1000-X-1000px.png","contentUrl":"https:\/\/www.colaiste.ie\/wp-content\/uploads\/2020\/08\/Logo-Transparent-With-Shadow_1000-X-1000px.png","width":1000,"height":1000,"caption":"Col\u00e1iste Gaeilge Chol\u00e1ist\u00ed Chorca Dhuibhne"},"image":{"@id":"https:\/\/www.colaiste.ie\/#\/schema\/logo\/image\/"},"sameAs":["https:\/\/www.facebook.com\/colaisteCD\/","https:\/\/www.instagram.com\/colaistecd\/?hl=en"]}]}},"_links":{"self":[{"href":"https:\/\/www.colaiste.ie\/ga\/wp-json\/wp\/v2\/pages\/1652"}],"collection":[{"href":"https:\/\/www.colaiste.ie\/ga\/wp-json\/wp\/v2\/pages"}],"about":[{"href":"https:\/\/www.colaiste.ie\/ga\/wp-json\/wp\/v2\/types\/page"}],"author":[{"embeddable":true,"href":"https:\/\/www.colaiste.ie\/ga\/wp-json\/wp\/v2\/users\/3"}],"replies":[{"embeddable":true,"href":"https:\/\/www.colaiste.ie\/ga\/wp-json\/wp\/v2\/comments?post=1652"}],"version-history":[{"count":6,"href":"https:\/\/www.colaiste.ie\/ga\/wp-json\/wp\/v2\/pages\/1652\/revisions"}],"predecessor-version":[{"id":4384,"href":"https:\/\/www.colaiste.ie\/ga\/wp-json\/wp\/v2\/pages\/1652\/revisions\/4384"}],"wp:attachment":[{"href":"https:\/\/www.colaiste.ie\/ga\/wp-json\/wp\/v2\/media?parent=1652"}],"curies":[{"name":"wp","href":"https:\/\/api.w.org\/{rel}","templated":true}]}}